{"id":406,"date":"2015-02-25T12:01:57","date_gmt":"2015-02-25T11:01:57","guid":{"rendered":"http:\/\/www.artbarcelona.es\/?page_id=406"},"modified":"2026-02-04T10:06:25","modified_gmt":"2026-02-04T09:06:25","slug":"home","status":"publish","type":"page","link":"https:\/\/www.artbarcelona.es\/en\/","title":{"rendered":"Home"},"content":{"rendered":"\n<section class=\"wp-block-group mt-0 pt-0 has-global-padding is-layout-constrained wp-block-group-is-layout-constrained\">\n<div class=\"wp-block-group has-global-padding is-content-justification-left is-layout-constrained wp-container-core-group-is-layout-c0c25a4a wp-block-group-is-layout-constrained\">\n<p>Since its foundation in 1990, ArtBarcelona promotes collective initiatives of galleries with the aim of discovering, disseminating and defending contemporary art.<\/p>\n<\/div>\n\n\n\n<div class=\"wp-block-buttons is-layout-flex wp-block-buttons-is-layout-flex\">\n<div class=\"wp-block-button\"><a class=\"wp-block-button__link wp-element-button\" href=\"https:\/\/www.artbarcelona.es\/en\/about-us\/\">Read more<\/a><\/div>\n<\/div>\n<\/section>\n\n\n\n<section class=\"wp-block-group mt-0 has-global-padding is-layout-constrained wp-block-group-is-layout-constrained\">\n<div class=\"wp-block-group has-global-padding is-layout-constrained wp-block-group-is-layout-constrained\">\n<div class=\"wp-block-jupa-bootstrap-row\"><div class=\"row row-cols-1 row-cols-md-2 g-xxl-5\">\n<div class=\"wp-block-jupa-bootstrap-row-column col-xl-8 is-layout-flow wp-block-jupa-bootstrap-row-column-is-layout-flow\">\n<div class=\"wp-block-group wrap-lines has-global-padding is-layout-constrained wp-block-group-is-layout-constrained\">\n<h2 class=\"wp-block-heading\">What&#8217;s going on<\/h2>\n<\/div>\n<\/div>\n<\/div><\/div>\n<\/div>\n\n\n\n<div class=\"wp-block-group has-global-padding is-layout-constrained wp-block-group-is-layout-constrained\">\n<div class=\"wp-block-jupa-bootstrap-row\"><div class=\"row row-cols-1 row-cols-md-2 g-xxl-5\">\n<div class=\"wp-block-jupa-bootstrap-row-column col-xl-8 is-layout-flow wp-block-jupa-bootstrap-row-column-is-layout-flow\">\n<div id=\"sb_instagram\"  class=\"sbi sbi_mob_col_2 sbi_tab_col_2 sbi_col_2 sbi_width_resp\" style=\"padding-bottom: 48px;\"\t data-feedid=\"*1\"  data-res=\"auto\" data-cols=\"2\" data-colsmobile=\"2\" data-colstablet=\"2\" data-num=\"2\" data-nummobile=\"2\" data-item-padding=\"24\"\t data-shortcode-atts=\"{&quot;feed&quot;:&quot;1&quot;}\"  data-postid=\"406\" data-locatornonce=\"e8750c2089\" data-imageaspectratio=\"3:4\" data-sbi-flags=\"favorLocal\">\n\t\n\t<div id=\"sbi_images\"  style=\"gap: 48px;\">\n\t\t<div class=\"sbi_item sbi_type_carousel sbi_new sbi_transition\"\n\tid=\"sbi_18068349476324875\" data-date=\"1777022966\">\n\t<div class=\"sbi_photo_wrap\">\n\t\t<a class=\"sbi_photo\" href=\"https:\/\/www.instagram.com\/p\/DXgmkHriLTB\/\" target=\"_blank\" rel=\"noopener nofollow\"\n\t\t\tdata-full-res=\"https:\/\/scontent-fra5-2.cdninstagram.com\/v\/t51.82787-15\/656557944_18406811326177374_6774588916909656813_n.jpg?stp=dst-jpg_e35_tt6&#038;_nc_cat=107&#038;ccb=7-5&#038;_nc_sid=18de74&#038;efg=eyJlZmdfdGFnIjoiQ0FST1VTRUxfSVRFTS5iZXN0X2ltYWdlX3VybGdlbi5DMyJ9&#038;_nc_ohc=ifdDkkxJTnkQ7kNvwHfjvRH&#038;_nc_oc=AdomWW7I7E6NkRTh99L3Ho9xqw59L98MNxxcBp8JxEXICGMXmjJl_Xv3Xenl6-01O-I&#038;_nc_zt=23&#038;_nc_ht=scontent-fra5-2.cdninstagram.com&#038;edm=ANo9K5cEAAAA&#038;_nc_gid=4Uq3mCMCftve6SNSMxcdDw&#038;_nc_tpa=Q5bMBQE7r61fqrZxLM8i95xp_xCiyuZb2gXLCRZEL-lVcZtp4dclIQBoQ1AZe3ns_ix4O8x0nipsfKT8RQ&#038;oh=00_Af1K2ufk8T-sobC5PQ1RjVhB1cuMwbDx2RfG1skKmgftEA&#038;oe=69F3DBA6\"\n\t\t\tdata-img-src-set=\"{&quot;d&quot;:&quot;https:\\\/\\\/scontent-fra5-2.cdninstagram.com\\\/v\\\/t51.82787-15\\\/656557944_18406811326177374_6774588916909656813_n.jpg?stp=dst-jpg_e35_tt6&amp;_nc_cat=107&amp;ccb=7-5&amp;_nc_sid=18de74&amp;efg=eyJlZmdfdGFnIjoiQ0FST1VTRUxfSVRFTS5iZXN0X2ltYWdlX3VybGdlbi5DMyJ9&amp;_nc_ohc=ifdDkkxJTnkQ7kNvwHfjvRH&amp;_nc_oc=AdomWW7I7E6NkRTh99L3Ho9xqw59L98MNxxcBp8JxEXICGMXmjJl_Xv3Xenl6-01O-I&amp;_nc_zt=23&amp;_nc_ht=scontent-fra5-2.cdninstagram.com&amp;edm=ANo9K5cEAAAA&amp;_nc_gid=4Uq3mCMCftve6SNSMxcdDw&amp;_nc_tpa=Q5bMBQE7r61fqrZxLM8i95xp_xCiyuZb2gXLCRZEL-lVcZtp4dclIQBoQ1AZe3ns_ix4O8x0nipsfKT8RQ&amp;oh=00_Af1K2ufk8T-sobC5PQ1RjVhB1cuMwbDx2RfG1skKmgftEA&amp;oe=69F3DBA6&quot;,&quot;150&quot;:&quot;https:\\\/\\\/scontent-fra5-2.cdninstagram.com\\\/v\\\/t51.82787-15\\\/656557944_18406811326177374_6774588916909656813_n.jpg?stp=dst-jpg_e35_tt6&amp;_nc_cat=107&amp;ccb=7-5&amp;_nc_sid=18de74&amp;efg=eyJlZmdfdGFnIjoiQ0FST1VTRUxfSVRFTS5iZXN0X2ltYWdlX3VybGdlbi5DMyJ9&amp;_nc_ohc=ifdDkkxJTnkQ7kNvwHfjvRH&amp;_nc_oc=AdomWW7I7E6NkRTh99L3Ho9xqw59L98MNxxcBp8JxEXICGMXmjJl_Xv3Xenl6-01O-I&amp;_nc_zt=23&amp;_nc_ht=scontent-fra5-2.cdninstagram.com&amp;edm=ANo9K5cEAAAA&amp;_nc_gid=4Uq3mCMCftve6SNSMxcdDw&amp;_nc_tpa=Q5bMBQE7r61fqrZxLM8i95xp_xCiyuZb2gXLCRZEL-lVcZtp4dclIQBoQ1AZe3ns_ix4O8x0nipsfKT8RQ&amp;oh=00_Af1K2ufk8T-sobC5PQ1RjVhB1cuMwbDx2RfG1skKmgftEA&amp;oe=69F3DBA6&quot;,&quot;320&quot;:&quot;https:\\\/\\\/scontent-fra5-2.cdninstagram.com\\\/v\\\/t51.82787-15\\\/656557944_18406811326177374_6774588916909656813_n.jpg?stp=dst-jpg_e35_tt6&amp;_nc_cat=107&amp;ccb=7-5&amp;_nc_sid=18de74&amp;efg=eyJlZmdfdGFnIjoiQ0FST1VTRUxfSVRFTS5iZXN0X2ltYWdlX3VybGdlbi5DMyJ9&amp;_nc_ohc=ifdDkkxJTnkQ7kNvwHfjvRH&amp;_nc_oc=AdomWW7I7E6NkRTh99L3Ho9xqw59L98MNxxcBp8JxEXICGMXmjJl_Xv3Xenl6-01O-I&amp;_nc_zt=23&amp;_nc_ht=scontent-fra5-2.cdninstagram.com&amp;edm=ANo9K5cEAAAA&amp;_nc_gid=4Uq3mCMCftve6SNSMxcdDw&amp;_nc_tpa=Q5bMBQE7r61fqrZxLM8i95xp_xCiyuZb2gXLCRZEL-lVcZtp4dclIQBoQ1AZe3ns_ix4O8x0nipsfKT8RQ&amp;oh=00_Af1K2ufk8T-sobC5PQ1RjVhB1cuMwbDx2RfG1skKmgftEA&amp;oe=69F3DBA6&quot;,&quot;640&quot;:&quot;https:\\\/\\\/scontent-fra5-2.cdninstagram.com\\\/v\\\/t51.82787-15\\\/656557944_18406811326177374_6774588916909656813_n.jpg?stp=dst-jpg_e35_tt6&amp;_nc_cat=107&amp;ccb=7-5&amp;_nc_sid=18de74&amp;efg=eyJlZmdfdGFnIjoiQ0FST1VTRUxfSVRFTS5iZXN0X2ltYWdlX3VybGdlbi5DMyJ9&amp;_nc_ohc=ifdDkkxJTnkQ7kNvwHfjvRH&amp;_nc_oc=AdomWW7I7E6NkRTh99L3Ho9xqw59L98MNxxcBp8JxEXICGMXmjJl_Xv3Xenl6-01O-I&amp;_nc_zt=23&amp;_nc_ht=scontent-fra5-2.cdninstagram.com&amp;edm=ANo9K5cEAAAA&amp;_nc_gid=4Uq3mCMCftve6SNSMxcdDw&amp;_nc_tpa=Q5bMBQE7r61fqrZxLM8i95xp_xCiyuZb2gXLCRZEL-lVcZtp4dclIQBoQ1AZe3ns_ix4O8x0nipsfKT8RQ&amp;oh=00_Af1K2ufk8T-sobC5PQ1RjVhB1cuMwbDx2RfG1skKmgftEA&amp;oe=69F3DBA6&quot;}\">\n\t\t\t<span class=\"sbi-screenreader\">Dem\u00e0, \u00faltim dia per visitar l\u2019exposici\u00f3 &quot;Tijeras e<\/span>\n\t\t\t<svg class=\"svg-inline--fa fa-clone fa-w-16 sbi_lightbox_carousel_icon\" aria-hidden=\"true\" aria-label=\"Clone\" data-fa-pro\u0192cessed=\"\" data-prefix=\"far\" data-icon=\"clone\" role=\"img\" xmlns=\"http:\/\/www.w3.org\/2000\/svg\" viewBox=\"0 0 512 512\">\n                    <path fill=\"currentColor\" d=\"M464 0H144c-26.51 0-48 21.49-48 48v48H48c-26.51 0-48 21.49-48 48v320c0 26.51 21.49 48 48 48h320c26.51 0 48-21.49 48-48v-48h48c26.51 0 48-21.49 48-48V48c0-26.51-21.49-48-48-48zM362 464H54a6 6 0 0 1-6-6V150a6 6 0 0 1 6-6h42v224c0 26.51 21.49 48 48 48h224v42a6 6 0 0 1-6 6zm96-96H150a6 6 0 0 1-6-6V54a6 6 0 0 1 6-6h308a6 6 0 0 1 6 6v308a6 6 0 0 1-6 6z\"><\/path>\n                <\/svg>\t\t\t\t\t\t<img decoding=\"async\" src=\"https:\/\/www.artbarcelona.es\/wp-content\/plugins\/instagram-feed\/img\/placeholder.png\" alt=\"Dem\u00e0, \u00faltim dia per visitar l\u2019exposici\u00f3 &quot;Tijeras en los ojos&quot; de Patricia Gadea a @adngaleria\n\n\u2139\ufe0f Vint anys despr\u00e9s de la seva mort, aquesta exposici\u00f3 recupera l\u2019obra de Patricia Gadea, marcada per una reflexi\u00f3 incisiva sobre el seu propi temps. Gadea no va ser una pintora de formes aut\u00f2nomes o tancades, sin\u00f3 de materials en tr\u00e0nsit. Treballava amb tot all\u00f2 que li queia a les mans, activant un pensament cr\u00edtic basat en un \u00fas desobedient del visual.\n\n\ud83d\udd34 Fins al 25.04.2026 \ud83d\udd34\n\nCredits: \n\u201cUntitled\u201d\n1989\nSigned and dated in the lower right corner of each page\nSketchbook. Sketches made of mix media on press clippings, all signed. Front cover painted on canvas\" aria-hidden=\"true\">\n\t\t<\/a>\n\t<\/div>\n<\/div><div class=\"sbi_item sbi_type_carousel sbi_new sbi_transition\"\n\tid=\"sbi_17965507923060225\" data-date=\"1776928614\">\n\t<div class=\"sbi_photo_wrap\">\n\t\t<a class=\"sbi_photo\" href=\"https:\/\/www.instagram.com\/p\/DXdymf1iHOR\/\" target=\"_blank\" rel=\"noopener nofollow\"\n\t\t\tdata-full-res=\"https:\/\/scontent-fra5-2.cdninstagram.com\/v\/t51.82787-15\/672424052_18406645612177374_8185801776621609799_n.jpg?stp=dst-jpg_e35_tt6&#038;_nc_cat=109&#038;ccb=7-5&#038;_nc_sid=18de74&#038;efg=eyJlZmdfdGFnIjoiQ0FST1VTRUxfSVRFTS5iZXN0X2ltYWdlX3VybGdlbi5DMyJ9&#038;_nc_ohc=AIwgYSe9NHYQ7kNvwHpTX_r&#038;_nc_oc=Ado6LYPx2mJuLVra3Zp-SBRvKyEyZ7opurUBdpdUqNyqA4RUHJKXh_Ed2wVffNKS8fo&#038;_nc_zt=23&#038;_nc_ht=scontent-fra5-2.cdninstagram.com&#038;edm=ANo9K5cEAAAA&#038;_nc_gid=4Uq3mCMCftve6SNSMxcdDw&#038;_nc_tpa=Q5bMBQEprldTqxlxotv2Rj5i6fYoQzhni43MZmzuuEXxPQLUPxz6esuSiFyPgHxbDyOAbZoDUZgzKkJPCA&#038;oh=00_Af3XQvF0Bk74MfdQMFxbut1zfMXEIBWTrG3UJ9Ufnt6tWQ&#038;oe=69F3DEB7\"\n\t\t\tdata-img-src-set=\"{&quot;d&quot;:&quot;https:\\\/\\\/scontent-fra5-2.cdninstagram.com\\\/v\\\/t51.82787-15\\\/672424052_18406645612177374_8185801776621609799_n.jpg?stp=dst-jpg_e35_tt6&amp;_nc_cat=109&amp;ccb=7-5&amp;_nc_sid=18de74&amp;efg=eyJlZmdfdGFnIjoiQ0FST1VTRUxfSVRFTS5iZXN0X2ltYWdlX3VybGdlbi5DMyJ9&amp;_nc_ohc=AIwgYSe9NHYQ7kNvwHpTX_r&amp;_nc_oc=Ado6LYPx2mJuLVra3Zp-SBRvKyEyZ7opurUBdpdUqNyqA4RUHJKXh_Ed2wVffNKS8fo&amp;_nc_zt=23&amp;_nc_ht=scontent-fra5-2.cdninstagram.com&amp;edm=ANo9K5cEAAAA&amp;_nc_gid=4Uq3mCMCftve6SNSMxcdDw&amp;_nc_tpa=Q5bMBQEprldTqxlxotv2Rj5i6fYoQzhni43MZmzuuEXxPQLUPxz6esuSiFyPgHxbDyOAbZoDUZgzKkJPCA&amp;oh=00_Af3XQvF0Bk74MfdQMFxbut1zfMXEIBWTrG3UJ9Ufnt6tWQ&amp;oe=69F3DEB7&quot;,&quot;150&quot;:&quot;https:\\\/\\\/scontent-fra5-2.cdninstagram.com\\\/v\\\/t51.82787-15\\\/672424052_18406645612177374_8185801776621609799_n.jpg?stp=dst-jpg_e35_tt6&amp;_nc_cat=109&amp;ccb=7-5&amp;_nc_sid=18de74&amp;efg=eyJlZmdfdGFnIjoiQ0FST1VTRUxfSVRFTS5iZXN0X2ltYWdlX3VybGdlbi5DMyJ9&amp;_nc_ohc=AIwgYSe9NHYQ7kNvwHpTX_r&amp;_nc_oc=Ado6LYPx2mJuLVra3Zp-SBRvKyEyZ7opurUBdpdUqNyqA4RUHJKXh_Ed2wVffNKS8fo&amp;_nc_zt=23&amp;_nc_ht=scontent-fra5-2.cdninstagram.com&amp;edm=ANo9K5cEAAAA&amp;_nc_gid=4Uq3mCMCftve6SNSMxcdDw&amp;_nc_tpa=Q5bMBQEprldTqxlxotv2Rj5i6fYoQzhni43MZmzuuEXxPQLUPxz6esuSiFyPgHxbDyOAbZoDUZgzKkJPCA&amp;oh=00_Af3XQvF0Bk74MfdQMFxbut1zfMXEIBWTrG3UJ9Ufnt6tWQ&amp;oe=69F3DEB7&quot;,&quot;320&quot;:&quot;https:\\\/\\\/scontent-fra5-2.cdninstagram.com\\\/v\\\/t51.82787-15\\\/672424052_18406645612177374_8185801776621609799_n.jpg?stp=dst-jpg_e35_tt6&amp;_nc_cat=109&amp;ccb=7-5&amp;_nc_sid=18de74&amp;efg=eyJlZmdfdGFnIjoiQ0FST1VTRUxfSVRFTS5iZXN0X2ltYWdlX3VybGdlbi5DMyJ9&amp;_nc_ohc=AIwgYSe9NHYQ7kNvwHpTX_r&amp;_nc_oc=Ado6LYPx2mJuLVra3Zp-SBRvKyEyZ7opurUBdpdUqNyqA4RUHJKXh_Ed2wVffNKS8fo&amp;_nc_zt=23&amp;_nc_ht=scontent-fra5-2.cdninstagram.com&amp;edm=ANo9K5cEAAAA&amp;_nc_gid=4Uq3mCMCftve6SNSMxcdDw&amp;_nc_tpa=Q5bMBQEprldTqxlxotv2Rj5i6fYoQzhni43MZmzuuEXxPQLUPxz6esuSiFyPgHxbDyOAbZoDUZgzKkJPCA&amp;oh=00_Af3XQvF0Bk74MfdQMFxbut1zfMXEIBWTrG3UJ9Ufnt6tWQ&amp;oe=69F3DEB7&quot;,&quot;640&quot;:&quot;https:\\\/\\\/scontent-fra5-2.cdninstagram.com\\\/v\\\/t51.82787-15\\\/672424052_18406645612177374_8185801776621609799_n.jpg?stp=dst-jpg_e35_tt6&amp;_nc_cat=109&amp;ccb=7-5&amp;_nc_sid=18de74&amp;efg=eyJlZmdfdGFnIjoiQ0FST1VTRUxfSVRFTS5iZXN0X2ltYWdlX3VybGdlbi5DMyJ9&amp;_nc_ohc=AIwgYSe9NHYQ7kNvwHpTX_r&amp;_nc_oc=Ado6LYPx2mJuLVra3Zp-SBRvKyEyZ7opurUBdpdUqNyqA4RUHJKXh_Ed2wVffNKS8fo&amp;_nc_zt=23&amp;_nc_ht=scontent-fra5-2.cdninstagram.com&amp;edm=ANo9K5cEAAAA&amp;_nc_gid=4Uq3mCMCftve6SNSMxcdDw&amp;_nc_tpa=Q5bMBQEprldTqxlxotv2Rj5i6fYoQzhni43MZmzuuEXxPQLUPxz6esuSiFyPgHxbDyOAbZoDUZgzKkJPCA&amp;oh=00_Af3XQvF0Bk74MfdQMFxbut1zfMXEIBWTrG3UJ9Ufnt6tWQ&amp;oe=69F3DEB7&quot;}\">\n\t\t\t<span class=\"sbi-screenreader\">Dem\u00e0, divendres, a @angelsbarcelona: inauguraci\u00f3 d<\/span>\n\t\t\t<svg class=\"svg-inline--fa fa-clone fa-w-16 sbi_lightbox_carousel_icon\" aria-hidden=\"true\" aria-label=\"Clone\" data-fa-pro\u0192cessed=\"\" data-prefix=\"far\" data-icon=\"clone\" role=\"img\" xmlns=\"http:\/\/www.w3.org\/2000\/svg\" viewBox=\"0 0 512 512\">\n                    <path fill=\"currentColor\" d=\"M464 0H144c-26.51 0-48 21.49-48 48v48H48c-26.51 0-48 21.49-48 48v320c0 26.51 21.49 48 48 48h320c26.51 0 48-21.49 48-48v-48h48c26.51 0 48-21.49 48-48V48c0-26.51-21.49-48-48-48zM362 464H54a6 6 0 0 1-6-6V150a6 6 0 0 1 6-6h42v224c0 26.51 21.49 48 48 48h224v42a6 6 0 0 1-6 6zm96-96H150a6 6 0 0 1-6-6V54a6 6 0 0 1 6-6h308a6 6 0 0 1 6 6v308a6 6 0 0 1-6 6z\"><\/path>\n                <\/svg>\t\t\t\t\t\t<img decoding=\"async\" src=\"https:\/\/www.artbarcelona.es\/wp-content\/plugins\/instagram-feed\/img\/placeholder.png\" alt=\"Dem\u00e0, divendres, a @angelsbarcelona: inauguraci\u00f3 de l&#039;exposici\u00f3 &quot;Fond\u00e0ries&quot; de Xavier Ristol i Sof\u00eda Montenegro\n\n\ud83d\udd56 19 h\n\nEns hi veiem! \u2728\u2728 \u2728\" aria-hidden=\"true\">\n\t\t<\/a>\n\t<\/div>\n<\/div>\t<\/div>\n\n\t<div id=\"sbi_load\" >\n\n\t\n\t\n<\/div>\n\t\t<span class=\"sbi_resized_image_data\" data-feed-id=\"*1\"\n\t\t  data-resized=\"{&quot;17965507923060225&quot;:{&quot;id&quot;:&quot;672424052_18406645612177374_8185801776621609799_n&quot;,&quot;ratio&quot;:&quot;0.79&quot;,&quot;sizes&quot;:{&quot;full&quot;:640,&quot;low&quot;:320,&quot;thumb&quot;:150},&quot;extension&quot;:&quot;.webp&quot;},&quot;18068349476324875&quot;:{&quot;id&quot;:&quot;656557944_18406811326177374_6774588916909656813_n&quot;,&quot;ratio&quot;:&quot;0.74&quot;,&quot;sizes&quot;:{&quot;full&quot;:640,&quot;low&quot;:320,&quot;thumb&quot;:150},&quot;extension&quot;:&quot;.webp&quot;}}\">\n\t<\/span>\n\t<\/div>\n\n\n<\/div>\n\n\n\n<div class=\"wp-block-jupa-bootstrap-row-column col-xl-4 is-layout-flow col-instagram wp-block-jupa-bootstrap-row-column-is-layout-flow\">\n<div class=\"wp-block-group wrap-lines is-content-justification-right is-nowrap is-layout-flex wp-container-core-group-is-layout-17124a9a wp-block-group-is-layout-flex\">\n<ul class=\"wp-block-social-links has-icon-color is-style-logos-only is-layout-flex wp-block-social-links-is-layout-flex\"><li style=\"color:#000;\" class=\"wp-social-link wp-social-link-instagram has-primary-color wp-block-social-link\"><a rel=\"noopener nofollow\" target=\"_blank\" href=\"https:\/\/www.instagram.com\/artbarcelona_galleries\/\" class=\"wp-block-social-link-anchor\"><svg width=\"24\" height=\"24\" viewBox=\"0 0 24 24\" version=\"1.1\" xmlns=\"http:\/\/www.w3.org\/2000\/svg\" aria-hidden=\"true\" focusable=\"false\"><path d=\"M12,4.622c2.403,0,2.688,0.009,3.637,0.052c0.877,0.04,1.354,0.187,1.671,0.31c0.42,0.163,0.72,0.358,1.035,0.673 c0.315,0.315,0.51,0.615,0.673,1.035c0.123,0.317,0.27,0.794,0.31,1.671c0.043,0.949,0.052,1.234,0.052,3.637 s-0.009,2.688-0.052,3.637c-0.04,0.877-0.187,1.354-0.31,1.671c-0.163,0.42-0.358,0.72-0.673,1.035 c-0.315,0.315-0.615,0.51-1.035,0.673c-0.317,0.123-0.794,0.27-1.671,0.31c-0.949,0.043-1.233,0.052-3.637,0.052 s-2.688-0.009-3.637-0.052c-0.877-0.04-1.354-0.187-1.671-0.31c-0.42-0.163-0.72-0.358-1.035-0.673 c-0.315-0.315-0.51-0.615-0.673-1.035c-0.123-0.317-0.27-0.794-0.31-1.671C4.631,14.688,4.622,14.403,4.622,12 s0.009-2.688,0.052-3.637c0.04-0.877,0.187-1.354,0.31-1.671c0.163-0.42,0.358-0.72,0.673-1.035 c0.315-0.315,0.615-0.51,1.035-0.673c0.317-0.123,0.794-0.27,1.671-0.31C9.312,4.631,9.597,4.622,12,4.622 M12,3 C9.556,3,9.249,3.01,8.289,3.054C7.331,3.098,6.677,3.25,6.105,3.472C5.513,3.702,5.011,4.01,4.511,4.511 c-0.5,0.5-0.808,1.002-1.038,1.594C3.25,6.677,3.098,7.331,3.054,8.289C3.01,9.249,3,9.556,3,12c0,2.444,0.01,2.751,0.054,3.711 c0.044,0.958,0.196,1.612,0.418,2.185c0.23,0.592,0.538,1.094,1.038,1.594c0.5,0.5,1.002,0.808,1.594,1.038 c0.572,0.222,1.227,0.375,2.185,0.418C9.249,20.99,9.556,21,12,21s2.751-0.01,3.711-0.054c0.958-0.044,1.612-0.196,2.185-0.418 c0.592-0.23,1.094-0.538,1.594-1.038c0.5-0.5,0.808-1.002,1.038-1.594c0.222-0.572,0.375-1.227,0.418-2.185 C20.99,14.751,21,14.444,21,12s-0.01-2.751-0.054-3.711c-0.044-0.958-0.196-1.612-0.418-2.185c-0.23-0.592-0.538-1.094-1.038-1.594 c-0.5-0.5-1.002-0.808-1.594-1.038c-0.572-0.222-1.227-0.375-2.185-0.418C14.751,3.01,14.444,3,12,3L12,3z M12,7.378 c-2.552,0-4.622,2.069-4.622,4.622S9.448,16.622,12,16.622s4.622-2.069,4.622-4.622S14.552,7.378,12,7.378z M12,15 c-1.657,0-3-1.343-3-3s1.343-3,3-3s3,1.343,3,3S13.657,15,12,15z M16.804,6.116c-0.596,0-1.08,0.484-1.08,1.08 s0.484,1.08,1.08,1.08c0.596,0,1.08-0.484,1.08-1.08S17.401,6.116,16.804,6.116z\"><\/path><\/svg><span class=\"wp-block-social-link-label screen-reader-text\">Instagram<\/span><\/a><\/li><\/ul>\n\n\n\n<div class=\"wp-block-buttons is-layout-flex wp-block-buttons-is-layout-flex\">\n<div class=\"wp-block-button\"><a class=\"wp-block-button__link wp-element-button\" href=\"https:\/\/www.instagram.com\/artbarcelona_galleries\/\" target=\"_blank\" rel=\"noreferrer noopener\">View&nbsp;Instagram<\/a><\/div>\n<\/div>\n<\/div>\n<\/div>\n<\/div><\/div>\n<\/div>\n<\/section>\n\n\n\n<section class=\"wp-block-group alignfull mt-0 overflow-hidden section-home-agenda is-layout-flow wp-block-group-is-layout-flow\">\n<div class=\"wp-block-group alignfull has-global-padding is-layout-constrained wp-container-core-group-is-layout-c7932791 wp-block-group-is-layout-constrained\" style=\"padding-right:var(--wp--preset--spacing--2);padding-left:var(--wp--preset--spacing--2)\">\n<div class=\"wp-block-jupa-bootstrap-row\"><div class=\"row row-cols-1 g-xxl-5\">\n<div class=\"wp-block-jupa-bootstrap-row-column col-md-9 col-xxl-10 col-xl-10 is-layout-flow wp-block-jupa-bootstrap-row-column-is-layout-flow\">\n<div class=\"wp-block-group wrap-lines has-global-padding is-layout-constrained wp-block-group-is-layout-constrained\">\n<div class=\"wp-block-group is-content-justification-space-between is-layout-flex wp-container-core-group-is-layout-9366075c wp-block-group-is-layout-flex\">\n<h3 class=\"wp-block-heading has-x-large-font-size\">Agenda<\/h3>\n\n\n\n<figure class=\"wp-block-image size-full is-resized logo-graf\"><img decoding=\"async\" src=\"http:\/\/www.artbarcelona.es\/wp-content\/uploads\/2024\/08\/logo-graf.jpg\" alt=\"\" class=\"wp-image-8495\" style=\"width:135px\"\/><\/figure>\n\n\n\n<p class=\"d-none d-md-block\">GRAF and ArtBarcelona offer you the schedule of exhibitions <br>and activities of the Galleries. With the collaboration of the ICEC (Institut Catal\u00e0 d&#8217;Empreses Culturals)<\/p>\n<\/div>\n<\/div>\n<\/div>\n\n\n\n<div class=\"wp-block-jupa-bootstrap-row-column col-md-3 col-xxl-2 col-xl-2 is-layout-flow col-btn-agenda wp-block-jupa-bootstrap-row-column-is-layout-flow\">\n<div class=\"wp-block-group wrap-lines has-global-padding is-layout-constrained wp-block-group-is-layout-constrained\">\n<div class=\"wp-block-buttons is-content-justification-right is-layout-flex wp-container-core-buttons-is-layout-d445cf74 wp-block-buttons-is-layout-flex\">\n<div class=\"wp-block-button is-style-alternative\"><a class=\"wp-block-button__link wp-element-button\" href=\"https:\/\/www.artbarcelona.es\/en\/agenda\/\">View&nbsp;Agenda<\/a><\/div>\n<\/div>\n<\/div>\n<\/div>\n<\/div><\/div>\n<\/div>\n\n\n\n<div class=\"wp-block-group alignfull pt-xl-5 wrap-owl-agenda has-global-padding is-layout-constrained wp-container-core-group-is-layout-7db9d80f wp-block-group-is-layout-constrained\" style=\"padding-right:0;padding-left:0\"><div id=\"loading-agenda\" aria-hidden=\"true\"><span id=\"text-loading\">Loading Agenda<\/span><span id=\"text-error\">:( Error loading events<\/span><\/div><div id=\"list-events\" class=\"list-events list-home owl-carousel owl-theme owl-agenda\"><\/div>\n<\/div>\n<\/section>\n\n\n\n<section class=\"wp-block-group mt-0 has-global-padding is-layout-constrained wp-block-group-is-layout-constrained\">\n<div class=\"wp-block-jupa-bootstrap-row\"><div class=\"row row-cols-1 row-cols-lg-2 g-xl-5 g-5\">\n<div class=\"wp-block-jupa-bootstrap-row-column is-layout-flow wp-block-jupa-bootstrap-row-column-is-layout-flow\">\n<div class=\"wp-block-group wrap-lines has-global-padding is-layout-constrained wp-block-group-is-layout-constrained\">\n<h2 class=\"wp-block-heading has-x-large-font-size\">Galleries Routes<\/h2>\n<\/div>\n\n\n\n<p>Guided tours to exhibitions with gallerists and artists. <\/p>\n\n\n\n<div class=\"wp-block-buttons d-none d-lg-block is-layout-flex wp-block-buttons-is-layout-flex\">\n<div class=\"wp-block-button is-style-alternative\"><a class=\"wp-block-button__link wp-element-button\" href=\"http:\/\/www.artbarcelona.es\/en\/routes\/\">Read more<\/a><\/div>\n<\/div>\n<\/div>\n\n\n\n<div class=\"wp-block-jupa-bootstrap-row-column is-layout-flow col-info wp-block-jupa-bootstrap-row-column-is-layout-flow\">\n<div class=\"wp-block-group section-routes-info has-global-padding is-layout-constrained wp-block-group-is-layout-constrained\">\n<div class=\"wp-block-group section-routes-info-inner has-global-padding is-layout-constrained wp-block-group-is-layout-constrained\"><div class=\"sc-routes\"><div><h3>New Route<br>Galleries <span><\/span><\/h3><\/div><div><\/div><div><\/div><\/div>\n\n\n\n<div class=\"wp-block-buttons is-layout-flex wp-block-buttons-is-layout-flex\">\n<div class=\"wp-block-button\"><a class=\"wp-block-button__link wp-element-button\" href=\"https:\/\/www.artbarcelona.es\/en\/routes\/\" target=\"_blank\" rel=\"noreferrer noopener\">Info and sign up<\/a><\/div>\n<\/div>\n<\/div>\n<\/div>\n<\/div>\n<\/div><\/div>\n<\/section>\n\n\n\n<section class=\"wp-block-group mt-0 section-home-galleries has-global-padding is-layout-constrained wp-block-group-is-layout-constrained\">\n<div class=\"wp-block-group has-global-padding is-layout-constrained wp-block-group-is-layout-constrained\">\n<div class=\"wp-block-jupa-bootstrap-row\"><div class=\"row row-cols-1 g-0 g-md-4 g-xxl-5\">\n<div class=\"wp-block-jupa-bootstrap-row-column col-md-5 col-xxl-3 is-layout-flow wp-block-jupa-bootstrap-row-column-is-layout-flow\">\n<div class=\"wp-block-group wrap-lines has-global-padding is-layout-constrained wp-block-group-is-layout-constrained\">\n<h2 class=\"wp-block-heading\">Today we highlight<\/h2>\n<\/div>\n<\/div>\n\n\n\n<div class=\"wp-block-jupa-bootstrap-row-column col-md-7 col-xxl-9 is-layout-flow col-info wp-block-jupa-bootstrap-row-column-is-layout-flow\">\n<div class=\"wp-block-group wrap-lines has-global-padding is-layout-constrained wp-block-group-is-layout-constrained\"><div class=\"random-gallery\"><article class=\"post row align-items-center\"><div class=\"col-lg-8\"><h3 class=\"wp-block-heading has-x-large-font-size\">LAB 36<\/h3><\/div><div class=\"order-1 order-lg-0 col-auto col-lg-4 text-end ms-auto wp-block-button is-style-alternative\"><a class=\"wp-block-button__link\" href=\"https:\/\/www.artbarcelona.es\/en\/place\/lab-36\/\">See Gallery<\/div><div class=\"col-xl-8 ms-auto\"><a href=\"https:\/\/www.artbarcelona.es\/en\/place\/lab-36\/\"><img loading=\"lazy\" decoding=\"async\" width=\"1981\" height=\"1321\" src=\"https:\/\/www.artbarcelona.es\/wp-content\/uploads\/2023\/06\/ArtBarcelona-LAB36.jpg\" class=\"attachment-full size-full wp-post-image\" alt=\"ArtBarcelona LAB36 galeria\" srcset=\"https:\/\/www.artbarcelona.es\/wp-content\/uploads\/2023\/06\/ArtBarcelona-LAB36.jpg 1981w, https:\/\/www.artbarcelona.es\/wp-content\/uploads\/2023\/06\/ArtBarcelona-LAB36-300x200.jpg 300w, https:\/\/www.artbarcelona.es\/wp-content\/uploads\/2023\/06\/ArtBarcelona-LAB36-1024x683.jpg 1024w\" sizes=\"auto, (max-width: 1981px) 100vw, 1981px\" \/><\/a><\/div><div class=\"col-xl-8 ms-auto d-none d-md-block\">LAB 36 is an exhibition space for art and to generate meeting points between art and other disciplines present in the cultural production of Barcelona. A dynamic and moving space,...<\/div><\/article><\/div>\n<\/div>\n<\/div>\n<\/div><\/div>\n<\/div>\n<\/section>\n\n\n\n<section class=\"wp-block-group mt-0 has-global-padding is-layout-constrained wp-block-group-is-layout-constrained\">\n<h2 class=\"wp-block-heading has-large-font-size\">Our annual events<\/h2>\n\n\n\n<div class=\"wp-block-group section-events has-global-padding is-layout-constrained wp-block-group-is-layout-constrained\">\n<div class=\"wp-block-jupa-bootstrap-row section-bgw-an\"><div class=\"row row-cols-md-2 g-xxl-5\">\n<div class=\"wp-block-jupa-bootstrap-row-column is-layout-flow wp-block-jupa-bootstrap-row-column-is-layout-flow\">\n<div class=\"wp-block-group wrap-lines has-global-padding is-layout-constrained wp-block-group-is-layout-constrained\">\n<h3 class=\"wp-block-heading has-x-large-font-size\">Barcelona <br>Gallery Weekend<\/h3>\n<\/div>\n\n\n\n<figure class=\"wp-block-image size-full\"><img loading=\"lazy\" decoding=\"async\" width=\"595\" height=\"842\" src=\"https:\/\/www.artbarcelona.es\/wp-content\/uploads\/2024\/09\/BGW2026_TCIP_portada_popup-1.jpg\" alt=\"\" class=\"wp-image-9635\" srcset=\"https:\/\/www.artbarcelona.es\/wp-content\/uploads\/2024\/09\/BGW2026_TCIP_portada_popup-1.jpg 595w, https:\/\/www.artbarcelona.es\/wp-content\/uploads\/2024\/09\/BGW2026_TCIP_portada_popup-1-424x600.jpg 424w\" sizes=\"auto, (max-width: 595px) 100vw, 595px\" \/><\/figure>\n\n\n\n<p>Barcelona Gallery Weekend celebrates the opening of the season with a special programme in the most relevant art galleries of Barcelona and L&#8217;Hospitalet de Llobregat.<\/p>\n\n\n\n<div class=\"wp-block-buttons is-layout-flex wp-block-buttons-is-layout-flex\">\n<div class=\"wp-block-button is-style-alternative d-none d-md-block\"><a class=\"wp-block-button__link wp-element-button\" href=\"http:\/\/www.artbarcelona.es\/en\/barcelona-gallery-weekend\/\">Read more<\/a><\/div>\n<\/div>\n<\/div>\n\n\n\n<div class=\"wp-block-jupa-bootstrap-row-column is-layout-flow wp-block-jupa-bootstrap-row-column-is-layout-flow\">\n<div class=\"wp-block-group wrap-lines has-global-padding is-layout-constrained wp-block-group-is-layout-constrained\">\n<h3 class=\"wp-block-heading has-x-large-font-size\">Art <br>Nou<\/h3>\n<\/div>\n\n\n\n<figure class=\"wp-block-image size-large\"><img loading=\"lazy\" decoding=\"async\" width=\"819\" height=\"1024\" src=\"http:\/\/www.artbarcelona.es\/wp-content\/uploads\/2024\/08\/savethedate_29maig_1-819x1024.jpg\" alt=\"\" class=\"wp-image-9503\" srcset=\"https:\/\/www.artbarcelona.es\/wp-content\/uploads\/2024\/08\/savethedate_29maig_1-819x1024.jpg 819w, https:\/\/www.artbarcelona.es\/wp-content\/uploads\/2024\/08\/savethedate_29maig_1-480x600.jpg 480w, https:\/\/www.artbarcelona.es\/wp-content\/uploads\/2024\/08\/savethedate_29maig_1-768x960.jpg 768w, https:\/\/www.artbarcelona.es\/wp-content\/uploads\/2024\/08\/savethedate_29maig_1.jpg 1080w\" sizes=\"auto, (max-width: 819px) 100vw, 819px\" \/><\/figure>\n\n\n\n<p>Art Nou is the emerging festival of Barcelona and L&#8217;Hospitalet, which promotes the work of young creators in galleries and independent art spaces.<\/p>\n\n\n\n<div class=\"wp-block-buttons is-layout-flex wp-block-buttons-is-layout-flex\">\n<div class=\"wp-block-button is-style-alternative d-none d-md-block\"><a class=\"wp-block-button__link wp-element-button\" href=\"http:\/\/www.artbarcelona.es\/en\/art-nou\/\">Read more<\/a><\/div>\n<\/div>\n<\/div>\n<\/div><\/div>\n<\/div>\n<\/section>\n\n\n\n<section class=\"wp-block-group mt-0 has-global-padding is-layout-constrained wp-block-group-is-layout-constrained\">\n<div class=\"wp-block-group section-circuit has-global-padding is-layout-constrained wp-block-group-is-layout-constrained\">\n<div class=\"wp-block-jupa-bootstrap-row\"><div class=\"row row-cols-1 row-cols-md-2 justify-content-md-end g-xl-5\">\n<div class=\"wp-block-jupa-bootstrap-row-column is-layout-flow wp-block-jupa-bootstrap-row-column-is-layout-flow\">\n<div class=\"wp-block-group wrap-lines has-global-padding is-layout-constrained wp-block-group-is-layout-constrained\">\n<h2 class=\"wp-block-heading has-x-large-font-size\">Circuit<br>Map<\/h2>\n<\/div>\n\n\n\n<div class=\"wp-block-group has-global-padding is-layout-constrained wp-container-core-group-is-layout-05ae3783 wp-block-group-is-layout-constrained\" style=\"padding-right:var(--wp--preset--spacing--2)\">\n<p>Barcelona contemporary art circuit. A network tour that brings together galleries, centers, museums and foundations of contemporary art.<\/p>\n<\/div>\n\n\n\n<div class=\"wp-block-buttons pt-4 pt-xl-5 is-layout-flex wp-block-buttons-is-layout-flex\">\n<div class=\"wp-block-button is-style-alternative\"><a class=\"wp-block-button__link wp-element-button\" href=\"http:\/\/www.artbarcelona.es\/wp-content\/uploads\/2026\/02\/mapa_maig_agost_2026.pdf\">PDF &#8211; Map Barcelona contemporary art circuit<\/a><\/div>\n<\/div>\n<\/div>\n<\/div><\/div>\n<\/div>\n<\/section>\n","protected":false},"excerpt":{"rendered":"<p>Since its foundation in 1990, ArtBarcelona promotes collective initiatives of galleries with the aim of discovering, disseminating and defending contemporary art. Our annual events<\/p>\n","protected":false},"author":1,"featured_media":0,"parent":0,"menu_order":1,"comment_status":"open","ping_status":"closed","template":"page-home.php","meta":{"inline_featured_image":false,"footnotes":""},"class_list":["post-406","page","type-page","status-publish","hentry"],"yoast_head":"<!-- This site is optimized with the Yoast SEO plugin v27.0 - https:\/\/yoast.com\/product\/yoast-seo-wordpress\/ -->\n<title>Home - ArtBarcelona.<\/title>\n<meta name=\"robots\" content=\"index, follow, max-snippet:-1, max-image-preview:large, max-video-preview:-1\" \/>\n<link rel=\"canonical\" href=\"https:\/\/www.artbarcelona.es\/en\/\" \/>\n<meta property=\"og:locale\" content=\"en_US\" \/>\n<meta property=\"og:type\" content=\"article\" \/>\n<meta property=\"og:title\" content=\"Home - ArtBarcelona.\" \/>\n<meta property=\"og:description\" content=\"Since its foundation in 1990, ArtBarcelona promotes collective initiatives of galleries with the aim of discovering, disseminating and defending contemporary art. Our annual events\" \/>\n<meta property=\"og:url\" content=\"https:\/\/www.artbarcelona.es\/en\/\" \/>\n<meta property=\"og:site_name\" content=\"ArtBarcelona.\" \/>\n<meta property=\"article:modified_time\" content=\"2026-02-04T09:06:25+00:00\" \/>\n<meta property=\"og:image\" content=\"http:\/\/www.artbarcelona.es\/wp-content\/uploads\/2024\/08\/logo-graf.jpg\" \/>\n<meta name=\"twitter:card\" content=\"summary_large_image\" \/>\n<meta name=\"twitter:label1\" content=\"Est. reading time\" \/>\n\t<meta name=\"twitter:data1\" content=\"1 minute\" \/>\n<script type=\"application\/ld+json\" class=\"yoast-schema-graph\">{\"@context\":\"https:\/\/schema.org\",\"@graph\":[{\"@type\":\"WebPage\",\"@id\":\"https:\/\/www.artbarcelona.es\/en\/\",\"url\":\"https:\/\/www.artbarcelona.es\/en\/\",\"name\":\"Home - ArtBarcelona.\",\"isPartOf\":{\"@id\":\"https:\/\/www.artbarcelona.es\/#website\"},\"primaryImageOfPage\":{\"@id\":\"https:\/\/www.artbarcelona.es\/en\/#primaryimage\"},\"image\":{\"@id\":\"https:\/\/www.artbarcelona.es\/en\/#primaryimage\"},\"thumbnailUrl\":\"http:\/\/www.artbarcelona.es\/wp-content\/uploads\/2024\/08\/logo-graf.jpg\",\"datePublished\":\"2015-02-25T11:01:57+00:00\",\"dateModified\":\"2026-02-04T09:06:25+00:00\",\"breadcrumb\":{\"@id\":\"https:\/\/www.artbarcelona.es\/en\/#breadcrumb\"},\"inLanguage\":\"en-US\",\"potentialAction\":[{\"@type\":\"ReadAction\",\"target\":[\"https:\/\/www.artbarcelona.es\/en\/\"]}]},{\"@type\":\"ImageObject\",\"inLanguage\":\"en-US\",\"@id\":\"https:\/\/www.artbarcelona.es\/en\/#primaryimage\",\"url\":\"http:\/\/www.artbarcelona.es\/wp-content\/uploads\/2024\/08\/logo-graf.jpg\",\"contentUrl\":\"http:\/\/www.artbarcelona.es\/wp-content\/uploads\/2024\/08\/logo-graf.jpg\"},{\"@type\":\"BreadcrumbList\",\"@id\":\"https:\/\/www.artbarcelona.es\/en\/#breadcrumb\",\"itemListElement\":[{\"@type\":\"ListItem\",\"position\":1,\"name\":\"Portada\",\"item\":\"https:\/\/www.artbarcelona.es\/en\/\"},{\"@type\":\"ListItem\",\"position\":2,\"name\":\"Home\"}]},{\"@type\":\"WebSite\",\"@id\":\"https:\/\/www.artbarcelona.es\/#website\",\"url\":\"https:\/\/www.artbarcelona.es\/\",\"name\":\"ArtBarcelona.\",\"description\":\"ArtBarcelona. Galeries. Descobrir, difondre, defensar l\u2019art contemporani.\",\"publisher\":{\"@id\":\"https:\/\/www.artbarcelona.es\/#organization\"},\"potentialAction\":[{\"@type\":\"SearchAction\",\"target\":{\"@type\":\"EntryPoint\",\"urlTemplate\":\"https:\/\/www.artbarcelona.es\/?s={search_term_string}\"},\"query-input\":{\"@type\":\"PropertyValueSpecification\",\"valueRequired\":true,\"valueName\":\"search_term_string\"}}],\"inLanguage\":\"en-US\"},{\"@type\":\"Organization\",\"@id\":\"https:\/\/www.artbarcelona.es\/#organization\",\"name\":\"ArtBarcelona.\",\"url\":\"https:\/\/www.artbarcelona.es\/\",\"logo\":{\"@type\":\"ImageObject\",\"inLanguage\":\"en-US\",\"@id\":\"https:\/\/www.artbarcelona.es\/#\/schema\/logo\/image\/\",\"url\":\"https:\/\/www.artbarcelona.es\/wp-content\/uploads\/2024\/08\/logo-artb.svg\",\"contentUrl\":\"https:\/\/www.artbarcelona.es\/wp-content\/uploads\/2024\/08\/logo-artb.svg\",\"width\":139,\"height\":51,\"caption\":\"ArtBarcelona.\"},\"image\":{\"@id\":\"https:\/\/www.artbarcelona.es\/#\/schema\/logo\/image\/\"}}]}<\/script>\n<!-- \/ Yoast SEO plugin. -->","yoast_head_json":{"title":"Home - ArtBarcelona.","robots":{"index":"index","follow":"follow","max-snippet":"max-snippet:-1","max-image-preview":"max-image-preview:large","max-video-preview":"max-video-preview:-1"},"canonical":"https:\/\/www.artbarcelona.es\/en\/","og_locale":"en_US","og_type":"article","og_title":"Home - ArtBarcelona.","og_description":"Since its foundation in 1990, ArtBarcelona promotes collective initiatives of galleries with the aim of discovering, disseminating and defending contemporary art. Our annual events","og_url":"https:\/\/www.artbarcelona.es\/en\/","og_site_name":"ArtBarcelona.","article_modified_time":"2026-02-04T09:06:25+00:00","og_image":[{"url":"http:\/\/www.artbarcelona.es\/wp-content\/uploads\/2024\/08\/logo-graf.jpg","type":"","width":"","height":""}],"twitter_card":"summary_large_image","twitter_misc":{"Est. reading time":"1 minute"},"schema":{"@context":"https:\/\/schema.org","@graph":[{"@type":"WebPage","@id":"https:\/\/www.artbarcelona.es\/en\/","url":"https:\/\/www.artbarcelona.es\/en\/","name":"Home - ArtBarcelona.","isPartOf":{"@id":"https:\/\/www.artbarcelona.es\/#website"},"primaryImageOfPage":{"@id":"https:\/\/www.artbarcelona.es\/en\/#primaryimage"},"image":{"@id":"https:\/\/www.artbarcelona.es\/en\/#primaryimage"},"thumbnailUrl":"http:\/\/www.artbarcelona.es\/wp-content\/uploads\/2024\/08\/logo-graf.jpg","datePublished":"2015-02-25T11:01:57+00:00","dateModified":"2026-02-04T09:06:25+00:00","breadcrumb":{"@id":"https:\/\/www.artbarcelona.es\/en\/#breadcrumb"},"inLanguage":"en-US","potentialAction":[{"@type":"ReadAction","target":["https:\/\/www.artbarcelona.es\/en\/"]}]},{"@type":"ImageObject","inLanguage":"en-US","@id":"https:\/\/www.artbarcelona.es\/en\/#primaryimage","url":"http:\/\/www.artbarcelona.es\/wp-content\/uploads\/2024\/08\/logo-graf.jpg","contentUrl":"http:\/\/www.artbarcelona.es\/wp-content\/uploads\/2024\/08\/logo-graf.jpg"},{"@type":"BreadcrumbList","@id":"https:\/\/www.artbarcelona.es\/en\/#breadcrumb","itemListElement":[{"@type":"ListItem","position":1,"name":"Portada","item":"https:\/\/www.artbarcelona.es\/en\/"},{"@type":"ListItem","position":2,"name":"Home"}]},{"@type":"WebSite","@id":"https:\/\/www.artbarcelona.es\/#website","url":"https:\/\/www.artbarcelona.es\/","name":"ArtBarcelona.","description":"ArtBarcelona. Galeries. Descobrir, difondre, defensar l\u2019art contemporani.","publisher":{"@id":"https:\/\/www.artbarcelona.es\/#organization"},"potentialAction":[{"@type":"SearchAction","target":{"@type":"EntryPoint","urlTemplate":"https:\/\/www.artbarcelona.es\/?s={search_term_string}"},"query-input":{"@type":"PropertyValueSpecification","valueRequired":true,"valueName":"search_term_string"}}],"inLanguage":"en-US"},{"@type":"Organization","@id":"https:\/\/www.artbarcelona.es\/#organization","name":"ArtBarcelona.","url":"https:\/\/www.artbarcelona.es\/","logo":{"@type":"ImageObject","inLanguage":"en-US","@id":"https:\/\/www.artbarcelona.es\/#\/schema\/logo\/image\/","url":"https:\/\/www.artbarcelona.es\/wp-content\/uploads\/2024\/08\/logo-artb.svg","contentUrl":"https:\/\/www.artbarcelona.es\/wp-content\/uploads\/2024\/08\/logo-artb.svg","width":139,"height":51,"caption":"ArtBarcelona."},"image":{"@id":"https:\/\/www.artbarcelona.es\/#\/schema\/logo\/image\/"}}]}},"_links":{"self":[{"href":"https:\/\/www.artbarcelona.es\/en\/wp-json\/wp\/v2\/pages\/406","targetHints":{"allow":["GET"]}}],"collection":[{"href":"https:\/\/www.artbarcelona.es\/en\/wp-json\/wp\/v2\/pages"}],"about":[{"href":"https:\/\/www.artbarcelona.es\/en\/wp-json\/wp\/v2\/types\/page"}],"author":[{"embeddable":true,"href":"https:\/\/www.artbarcelona.es\/en\/wp-json\/wp\/v2\/users\/1"}],"replies":[{"embeddable":true,"href":"https:\/\/www.artbarcelona.es\/en\/wp-json\/wp\/v2\/comments?post=406"}],"version-history":[{"count":0,"href":"https:\/\/www.artbarcelona.es\/en\/wp-json\/wp\/v2\/pages\/406\/revisions"}],"wp:attachment":[{"href":"https:\/\/www.artbarcelona.es\/en\/wp-json\/wp\/v2\/media?parent=406"}],"curies":[{"name":"wp","href":"https:\/\/api.w.org\/{rel}","templated":true}]}}