{"id":8502,"date":"2024-08-30T23:47:24","date_gmt":"2024-08-30T22:47:24","guid":{"rendered":"http:\/\/www.artbarcelona.es\/?page_id=8502"},"modified":"2024-09-23T14:15:22","modified_gmt":"2024-09-23T13:15:22","slug":"art-nou","status":"publish","type":"page","link":"https:\/\/www.artbarcelona.es\/es\/art-nou\/","title":{"rendered":"Art Nou"},"content":{"rendered":"\n<section class=\"wp-block-group mt-0 pt-0 has-global-padding is-layout-constrained wp-block-group-is-layout-constrained\">\n<div class=\"wp-block-group has-global-padding is-layout-constrained wp-block-group-is-layout-constrained\">\n<div class=\"wp-block-jupa-bootstrap-row\"><div class=\"row row-cols-1 row-cols-md-2\">\n<div class=\"wp-block-jupa-bootstrap-row-column is-layout-flow wp-block-jupa-bootstrap-row-column-is-layout-flow\">\n<div class=\"wp-block-group wrap-lines has-global-padding is-layout-constrained wp-block-group-is-layout-constrained\">\n<div class=\"wp-block-buttons is-layout-flex wp-block-buttons-is-layout-flex\">\n<div class=\"wp-block-button\"><a class=\"wp-block-button__link wp-element-button\" href=\"https:\/\/artnou.net\/\">www.artnou.net<\/a><\/div>\n<\/div>\n<\/div>\n<\/div>\n<\/div><\/div>\n<\/div>\n\n\n\n<div class=\"wp-block-group has-global-padding is-layout-constrained wp-block-group-is-layout-constrained\">\n<div class=\"wp-block-jupa-bootstrap-row\"><div class=\"row row-cols-1 row-cols-md-2\">\n<div class=\"wp-block-jupa-bootstrap-row-column offset-md-6 is-layout-flow wp-block-jupa-bootstrap-row-column-is-layout-flow\">\n<div class=\"wp-block-group wrap-lines d-none d-md-block has-global-padding is-layout-constrained wp-block-group-is-layout-constrained\">\n<div style=\"height:3rem\" aria-hidden=\"true\" class=\"wp-block-spacer\"><\/div>\n<\/div>\n<\/div>\n<\/div><\/div>\n<\/div>\n\n\n\n<div class=\"wp-block-group has-global-padding is-layout-constrained wp-block-group-is-layout-constrained\">\n<div class=\"wp-block-jupa-bootstrap-row\"><div class=\"row row-cols-1 row-cols-md-2 justify-content-md-end\">\n<div class=\"wp-block-jupa-bootstrap-row-column is-layout-flow wp-block-jupa-bootstrap-row-column-is-layout-flow\">\n<figure class=\"wp-block-image size-full\"><a href=\"http:\/\/www.artbarcelona.es\/wp-content\/uploads\/2024\/08\/ART-NOU.jpg\"><img loading=\"lazy\" decoding=\"async\" width=\"166\" height=\"163\" src=\"http:\/\/www.artbarcelona.es\/wp-content\/uploads\/2024\/08\/ART-NOU.jpg\" alt=\"ART NOU\" class=\"wp-image-8517\"\/><\/a><\/figure>\n\n\n\n<p>Art Nou es el festival de arte emergente de Barcelona y Hospitalet que ofrece la posibilidad a j\u00f3venes creadoras nacionales e internacionales de establecer la primera relaci\u00f3n profesional con el mercado del arte, las galer\u00edas, los espacios autogestionados, y las instituciones dedicadas al arte emergente. El festival apuesta un a\u00f1o m\u00e1s por estimular la producci\u00f3n joven, reivindicar las galer\u00edas como espacios de encuentro y debate, y poner en contacto a los agentes del arte y el p\u00fablico general.<\/p>\n<\/div>\n<\/div><\/div>\n<\/div>\n<\/section>\n\n\n\n<section class=\"wp-block-group alignfull mt-0 is-layout-flow wp-block-group-is-layout-flow\">\n<div class=\"wp-block-jupa-owl-carousel alignfull place-images\"><div class=\"owl-carousel owl-theme\" data-loop=\"true\" data-nav=\"true\" data-dots=\"false\" data-center=\"true\" data-margin=\"0\" data-autoplay=\"false\" data-autoplay-timeout=\"5000\" data-items=\"1\" data-small=\"1\" data-medium=\"3\" data-large=\"3\" data-xlarge=\"3\" data-animation-out=\"false\">\t<figure class=\"item is-style-ratio-3x4\">\n\t\t\t\t\t<a \n\t\t\t\thref=\"https:\/\/www.artbarcelona.es\/wp-content\/uploads\/2024\/09\/El-sielo-002.jpg\" \n\t\t\t\tdata-fancybox=\"block-c0dfe012-d7bd-4d6c-9c92-9a259586f38b\"\n\t\t\t\tdata-caption=\"\"\n\t\t\t>\n\t\t\t\t<img loading=\"lazy\" decoding=\"async\" width=\"3000\" height=\"2000\" src=\"https:\/\/www.artbarcelona.es\/wp-content\/uploads\/2024\/09\/El-sielo-002.jpg\" class=\"attachment-full size-full\" alt=\"\" srcset=\"https:\/\/www.artbarcelona.es\/wp-content\/uploads\/2024\/09\/El-sielo-002.jpg 3000w, https:\/\/www.artbarcelona.es\/wp-content\/uploads\/2024\/09\/El-sielo-002-600x400.jpg 600w, https:\/\/www.artbarcelona.es\/wp-content\/uploads\/2024\/09\/El-sielo-002-1024x683.jpg 1024w\" sizes=\"auto, (max-width: 3000px) 100vw, 3000px\" \/>\t\t\t<\/a>\n\t\t\t\t\t<\/figure>\n\t<figure class=\"item is-style-ratio-3x4\">\n\t\t\t\t\t<a \n\t\t\t\thref=\"https:\/\/www.artbarcelona.es\/wp-content\/uploads\/2024\/09\/bombon.jpg\" \n\t\t\t\tdata-fancybox=\"block-c0dfe012-d7bd-4d6c-9c92-9a259586f38b\"\n\t\t\t\tdata-caption=\"\"\n\t\t\t>\n\t\t\t\t<img loading=\"lazy\" decoding=\"async\" width=\"3000\" height=\"2000\" src=\"https:\/\/www.artbarcelona.es\/wp-content\/uploads\/2024\/09\/bombon.jpg\" class=\"attachment-full size-full\" alt=\"\" srcset=\"https:\/\/www.artbarcelona.es\/wp-content\/uploads\/2024\/09\/bombon.jpg 3000w, https:\/\/www.artbarcelona.es\/wp-content\/uploads\/2024\/09\/bombon-600x400.jpg 600w, https:\/\/www.artbarcelona.es\/wp-content\/uploads\/2024\/09\/bombon-1024x683.jpg 1024w\" sizes=\"auto, (max-width: 3000px) 100vw, 3000px\" \/>\t\t\t<\/a>\n\t\t\t\t\t<\/figure>\n\t<figure class=\"item is-style-ratio-3x4\">\n\t\t\t\t\t<a \n\t\t\t\thref=\"https:\/\/www.artbarcelona.es\/wp-content\/uploads\/2024\/09\/Raccoon-002-1.jpg\" \n\t\t\t\tdata-fancybox=\"block-c0dfe012-d7bd-4d6c-9c92-9a259586f38b\"\n\t\t\t\tdata-caption=\"\"\n\t\t\t>\n\t\t\t\t<img loading=\"lazy\" decoding=\"async\" width=\"3000\" height=\"2000\" src=\"https:\/\/www.artbarcelona.es\/wp-content\/uploads\/2024\/09\/Raccoon-002-1.jpg\" class=\"attachment-full size-full\" alt=\"\" srcset=\"https:\/\/www.artbarcelona.es\/wp-content\/uploads\/2024\/09\/Raccoon-002-1.jpg 3000w, https:\/\/www.artbarcelona.es\/wp-content\/uploads\/2024\/09\/Raccoon-002-1-600x400.jpg 600w, https:\/\/www.artbarcelona.es\/wp-content\/uploads\/2024\/09\/Raccoon-002-1-1024x683.jpg 1024w\" sizes=\"auto, (max-width: 3000px) 100vw, 3000px\" \/>\t\t\t<\/a>\n\t\t\t\t\t<\/figure>\n\t<figure class=\"item is-style-ratio-3x4\">\n\t\t\t\t\t<a \n\t\t\t\thref=\"https:\/\/www.artbarcelona.es\/wp-content\/uploads\/2024\/09\/Jornades_MACBA_ICEC_2-002-1.jpg\" \n\t\t\t\tdata-fancybox=\"block-c0dfe012-d7bd-4d6c-9c92-9a259586f38b\"\n\t\t\t\tdata-caption=\"\"\n\t\t\t>\n\t\t\t\t<img loading=\"lazy\" decoding=\"async\" width=\"3000\" height=\"2000\" src=\"https:\/\/www.artbarcelona.es\/wp-content\/uploads\/2024\/09\/Jornades_MACBA_ICEC_2-002-1.jpg\" class=\"attachment-full size-full\" alt=\"\" srcset=\"https:\/\/www.artbarcelona.es\/wp-content\/uploads\/2024\/09\/Jornades_MACBA_ICEC_2-002-1.jpg 3000w, https:\/\/www.artbarcelona.es\/wp-content\/uploads\/2024\/09\/Jornades_MACBA_ICEC_2-002-1-600x400.jpg 600w, https:\/\/www.artbarcelona.es\/wp-content\/uploads\/2024\/09\/Jornades_MACBA_ICEC_2-002-1-1024x683.jpg 1024w\" sizes=\"auto, (max-width: 3000px) 100vw, 3000px\" \/>\t\t\t<\/a>\n\t\t\t\t\t<\/figure>\n\t<figure class=\"item is-style-ratio-3x4\">\n\t\t\t\t\t<a \n\t\t\t\thref=\"https:\/\/www.artbarcelona.es\/wp-content\/uploads\/2024\/09\/Dilalica-002-1.jpg\" \n\t\t\t\tdata-fancybox=\"block-c0dfe012-d7bd-4d6c-9c92-9a259586f38b\"\n\t\t\t\tdata-caption=\"\"\n\t\t\t>\n\t\t\t\t<img loading=\"lazy\" decoding=\"async\" width=\"3000\" height=\"2000\" src=\"https:\/\/www.artbarcelona.es\/wp-content\/uploads\/2024\/09\/Dilalica-002-1.jpg\" class=\"attachment-full size-full\" alt=\"\" srcset=\"https:\/\/www.artbarcelona.es\/wp-content\/uploads\/2024\/09\/Dilalica-002-1.jpg 3000w, https:\/\/www.artbarcelona.es\/wp-content\/uploads\/2024\/09\/Dilalica-002-1-600x400.jpg 600w, https:\/\/www.artbarcelona.es\/wp-content\/uploads\/2024\/09\/Dilalica-002-1-1024x683.jpg 1024w\" sizes=\"auto, (max-width: 3000px) 100vw, 3000px\" \/>\t\t\t<\/a>\n\t\t\t\t\t<\/figure>\n<\/div><\/div>\n<\/section>\n\n\n\n<section class=\"wp-block-group mt-0 has-global-padding is-layout-constrained wp-block-group-is-layout-constrained\">\n<p class=\"has-large-font-size\">Nuestros eventos anuales<\/p>\n\n\n\n<div class=\"wp-block-group section-events has-global-padding is-layout-constrained wp-block-group-is-layout-constrained\">\n<div class=\"wp-block-jupa-bootstrap-row section-bgw-an\"><div class=\"row row-cols-md-2 g-xxl-5\">\n<div class=\"wp-block-jupa-bootstrap-row-column is-layout-flow wp-block-jupa-bootstrap-row-column-is-layout-flow\">\n<div class=\"wp-block-group wrap-lines has-global-padding is-layout-constrained wp-block-group-is-layout-constrained\">\n<h3 class=\"wp-block-heading has-x-large-font-size\">Barcelona <br>Gallery Weekend<\/h3>\n<\/div>\n\n\n\n<figure class=\"wp-block-image size-full\"><img loading=\"lazy\" decoding=\"async\" width=\"595\" height=\"842\" src=\"https:\/\/www.artbarcelona.es\/wp-content\/uploads\/2024\/09\/BGW2026_TCIP_portada_popup.jpg\" alt=\"\" class=\"wp-image-9634\" srcset=\"https:\/\/www.artbarcelona.es\/wp-content\/uploads\/2024\/09\/BGW2026_TCIP_portada_popup.jpg 595w, https:\/\/www.artbarcelona.es\/wp-content\/uploads\/2024\/09\/BGW2026_TCIP_portada_popup-424x600.jpg 424w\" sizes=\"auto, (max-width: 595px) 100vw, 595px\" \/><\/figure>\n\n\n\n<p>Barcelona Gallery Weekend celebra cada a\u00f1o la temporada art\u00edstica con una programaci\u00f3n especial en las galer\u00edas m\u00e1s relevantes de Barcelona y L&#8217;Hospitalet.<\/p>\n\n\n\n<div class=\"wp-block-buttons is-layout-flex wp-block-buttons-is-layout-flex\">\n<div class=\"wp-block-button is-style-alternative d-none d-md-block\"><a class=\"wp-block-button__link wp-element-button\" href=\"http:\/\/www.artbarcelona.es\/es\/barcelona-gallery-weekend\/\">Leer m\u00e1s<\/a><\/div>\n<\/div>\n<\/div>\n\n\n\n<div class=\"wp-block-jupa-bootstrap-row-column is-layout-flow wp-block-jupa-bootstrap-row-column-is-layout-flow\">\n<div class=\"wp-block-group wrap-lines has-global-padding is-layout-constrained wp-block-group-is-layout-constrained\">\n<h3 class=\"wp-block-heading has-x-large-font-size\">Art <br>Nou<\/h3>\n<\/div>\n\n\n\n<figure class=\"wp-block-image size-large\"><img loading=\"lazy\" decoding=\"async\" width=\"819\" height=\"1024\" src=\"http:\/\/www.artbarcelona.es\/wp-content\/uploads\/2024\/08\/savethedate_29maig_1-819x1024.jpg\" alt=\"\" class=\"wp-image-9504\" srcset=\"https:\/\/www.artbarcelona.es\/wp-content\/uploads\/2024\/08\/savethedate_29maig_1-819x1024.jpg 819w, https:\/\/www.artbarcelona.es\/wp-content\/uploads\/2024\/08\/savethedate_29maig_1-480x600.jpg 480w, https:\/\/www.artbarcelona.es\/wp-content\/uploads\/2024\/08\/savethedate_29maig_1-768x960.jpg 768w, https:\/\/www.artbarcelona.es\/wp-content\/uploads\/2024\/08\/savethedate_29maig_1.jpg 1080w\" sizes=\"auto, (max-width: 819px) 100vw, 819px\" \/><\/figure>\n\n\n\n<p>Art Nou es el festival emergente de Barcelona y L&#8217;Hospitalet, que promueve el trabajo de j\u00f3venes creadores en galer\u00edas y espacios independientes.<\/p>\n\n\n\n<div class=\"wp-block-buttons is-layout-flex wp-block-buttons-is-layout-flex\">\n<div class=\"wp-block-button is-style-alternative d-none d-md-block\"><a class=\"wp-block-button__link wp-element-button\" href=\"http:\/\/www.artbarcelona.es\/es\/art-nou\/\">Leer m\u00e1s<\/a><\/div>\n<\/div>\n<\/div>\n<\/div><\/div>\n<\/div>\n<\/section>\n","protected":false},"excerpt":{"rendered":"<p>Nuestros eventos anuales<\/p>\n","protected":false},"author":1,"featured_media":0,"parent":0,"menu_order":4,"comment_status":"closed","ping_status":"closed","template":"","meta":{"inline_featured_image":false,"footnotes":""},"class_list":["post-8502","page","type-page","status-publish","hentry"],"yoast_head":"<!-- This site is optimized with the Yoast SEO plugin v27.0 - https:\/\/yoast.com\/product\/yoast-seo-wordpress\/ -->\n<title>Art Nou - ArtBarcelona.<\/title>\n<meta name=\"robots\" content=\"index, follow, max-snippet:-1, max-image-preview:large, max-video-preview:-1\" \/>\n<link rel=\"canonical\" href=\"https:\/\/www.artbarcelona.es\/es\/art-nou\/\" \/>\n<meta property=\"og:locale\" content=\"es_ES\" \/>\n<meta property=\"og:type\" content=\"article\" \/>\n<meta property=\"og:title\" content=\"Art Nou - ArtBarcelona.\" \/>\n<meta property=\"og:description\" content=\"Nuestros eventos anuales\" \/>\n<meta property=\"og:url\" content=\"https:\/\/www.artbarcelona.es\/es\/art-nou\/\" \/>\n<meta property=\"og:site_name\" content=\"ArtBarcelona.\" \/>\n<meta property=\"article:modified_time\" content=\"2024-09-23T13:15:22+00:00\" \/>\n<meta property=\"og:image\" content=\"http:\/\/www.artbarcelona.es\/wp-content\/uploads\/2024\/08\/ART-NOU.jpg\" \/>\n<meta name=\"twitter:card\" content=\"summary_large_image\" \/>\n<meta name=\"twitter:label1\" content=\"Tiempo de lectura\" \/>\n\t<meta name=\"twitter:data1\" content=\"2 minutos\" \/>\n<script type=\"application\/ld+json\" class=\"yoast-schema-graph\">{\"@context\":\"https:\/\/schema.org\",\"@graph\":[{\"@type\":\"WebPage\",\"@id\":\"https:\/\/www.artbarcelona.es\/es\/art-nou\/\",\"url\":\"https:\/\/www.artbarcelona.es\/es\/art-nou\/\",\"name\":\"Art Nou - ArtBarcelona.\",\"isPartOf\":{\"@id\":\"https:\/\/www.artbarcelona.es\/#website\"},\"primaryImageOfPage\":{\"@id\":\"https:\/\/www.artbarcelona.es\/es\/art-nou\/#primaryimage\"},\"image\":{\"@id\":\"https:\/\/www.artbarcelona.es\/es\/art-nou\/#primaryimage\"},\"thumbnailUrl\":\"http:\/\/www.artbarcelona.es\/wp-content\/uploads\/2024\/08\/ART-NOU.jpg\",\"datePublished\":\"2024-08-30T22:47:24+00:00\",\"dateModified\":\"2024-09-23T13:15:22+00:00\",\"breadcrumb\":{\"@id\":\"https:\/\/www.artbarcelona.es\/es\/art-nou\/#breadcrumb\"},\"inLanguage\":\"es\",\"potentialAction\":[{\"@type\":\"ReadAction\",\"target\":[\"https:\/\/www.artbarcelona.es\/es\/art-nou\/\"]}]},{\"@type\":\"ImageObject\",\"inLanguage\":\"es\",\"@id\":\"https:\/\/www.artbarcelona.es\/es\/art-nou\/#primaryimage\",\"url\":\"http:\/\/www.artbarcelona.es\/wp-content\/uploads\/2024\/08\/ART-NOU.jpg\",\"contentUrl\":\"http:\/\/www.artbarcelona.es\/wp-content\/uploads\/2024\/08\/ART-NOU.jpg\"},{\"@type\":\"BreadcrumbList\",\"@id\":\"https:\/\/www.artbarcelona.es\/es\/art-nou\/#breadcrumb\",\"itemListElement\":[{\"@type\":\"ListItem\",\"position\":1,\"name\":\"Portada\",\"item\":\"https:\/\/www.artbarcelona.es\/es\/\"},{\"@type\":\"ListItem\",\"position\":2,\"name\":\"Art Nou\"}]},{\"@type\":\"WebSite\",\"@id\":\"https:\/\/www.artbarcelona.es\/#website\",\"url\":\"https:\/\/www.artbarcelona.es\/\",\"name\":\"ArtBarcelona.\",\"description\":\"Altre lloc gestionat amb el WordPress\",\"publisher\":{\"@id\":\"https:\/\/www.artbarcelona.es\/#organization\"},\"potentialAction\":[{\"@type\":\"SearchAction\",\"target\":{\"@type\":\"EntryPoint\",\"urlTemplate\":\"https:\/\/www.artbarcelona.es\/?s={search_term_string}\"},\"query-input\":{\"@type\":\"PropertyValueSpecification\",\"valueRequired\":true,\"valueName\":\"search_term_string\"}}],\"inLanguage\":\"es\"},{\"@type\":\"Organization\",\"@id\":\"https:\/\/www.artbarcelona.es\/#organization\",\"name\":\"ArtBarcelona.\",\"url\":\"https:\/\/www.artbarcelona.es\/\",\"logo\":{\"@type\":\"ImageObject\",\"inLanguage\":\"es\",\"@id\":\"https:\/\/www.artbarcelona.es\/#\/schema\/logo\/image\/\",\"url\":\"https:\/\/www.artbarcelona.es\/wp-content\/uploads\/2024\/08\/logo-artb.svg\",\"contentUrl\":\"https:\/\/www.artbarcelona.es\/wp-content\/uploads\/2024\/08\/logo-artb.svg\",\"width\":139,\"height\":51,\"caption\":\"ArtBarcelona.\"},\"image\":{\"@id\":\"https:\/\/www.artbarcelona.es\/#\/schema\/logo\/image\/\"}}]}<\/script>\n<!-- \/ Yoast SEO plugin. -->","yoast_head_json":{"title":"Art Nou - ArtBarcelona.","robots":{"index":"index","follow":"follow","max-snippet":"max-snippet:-1","max-image-preview":"max-image-preview:large","max-video-preview":"max-video-preview:-1"},"canonical":"https:\/\/www.artbarcelona.es\/es\/art-nou\/","og_locale":"es_ES","og_type":"article","og_title":"Art Nou - ArtBarcelona.","og_description":"Nuestros eventos anuales","og_url":"https:\/\/www.artbarcelona.es\/es\/art-nou\/","og_site_name":"ArtBarcelona.","article_modified_time":"2024-09-23T13:15:22+00:00","og_image":[{"url":"http:\/\/www.artbarcelona.es\/wp-content\/uploads\/2024\/08\/ART-NOU.jpg","type":"","width":"","height":""}],"twitter_card":"summary_large_image","twitter_misc":{"Tiempo de lectura":"2 minutos"},"schema":{"@context":"https:\/\/schema.org","@graph":[{"@type":"WebPage","@id":"https:\/\/www.artbarcelona.es\/es\/art-nou\/","url":"https:\/\/www.artbarcelona.es\/es\/art-nou\/","name":"Art Nou - ArtBarcelona.","isPartOf":{"@id":"https:\/\/www.artbarcelona.es\/#website"},"primaryImageOfPage":{"@id":"https:\/\/www.artbarcelona.es\/es\/art-nou\/#primaryimage"},"image":{"@id":"https:\/\/www.artbarcelona.es\/es\/art-nou\/#primaryimage"},"thumbnailUrl":"http:\/\/www.artbarcelona.es\/wp-content\/uploads\/2024\/08\/ART-NOU.jpg","datePublished":"2024-08-30T22:47:24+00:00","dateModified":"2024-09-23T13:15:22+00:00","breadcrumb":{"@id":"https:\/\/www.artbarcelona.es\/es\/art-nou\/#breadcrumb"},"inLanguage":"es","potentialAction":[{"@type":"ReadAction","target":["https:\/\/www.artbarcelona.es\/es\/art-nou\/"]}]},{"@type":"ImageObject","inLanguage":"es","@id":"https:\/\/www.artbarcelona.es\/es\/art-nou\/#primaryimage","url":"http:\/\/www.artbarcelona.es\/wp-content\/uploads\/2024\/08\/ART-NOU.jpg","contentUrl":"http:\/\/www.artbarcelona.es\/wp-content\/uploads\/2024\/08\/ART-NOU.jpg"},{"@type":"BreadcrumbList","@id":"https:\/\/www.artbarcelona.es\/es\/art-nou\/#breadcrumb","itemListElement":[{"@type":"ListItem","position":1,"name":"Portada","item":"https:\/\/www.artbarcelona.es\/es\/"},{"@type":"ListItem","position":2,"name":"Art Nou"}]},{"@type":"WebSite","@id":"https:\/\/www.artbarcelona.es\/#website","url":"https:\/\/www.artbarcelona.es\/","name":"ArtBarcelona.","description":"Altre lloc gestionat amb el WordPress","publisher":{"@id":"https:\/\/www.artbarcelona.es\/#organization"},"potentialAction":[{"@type":"SearchAction","target":{"@type":"EntryPoint","urlTemplate":"https:\/\/www.artbarcelona.es\/?s={search_term_string}"},"query-input":{"@type":"PropertyValueSpecification","valueRequired":true,"valueName":"search_term_string"}}],"inLanguage":"es"},{"@type":"Organization","@id":"https:\/\/www.artbarcelona.es\/#organization","name":"ArtBarcelona.","url":"https:\/\/www.artbarcelona.es\/","logo":{"@type":"ImageObject","inLanguage":"es","@id":"https:\/\/www.artbarcelona.es\/#\/schema\/logo\/image\/","url":"https:\/\/www.artbarcelona.es\/wp-content\/uploads\/2024\/08\/logo-artb.svg","contentUrl":"https:\/\/www.artbarcelona.es\/wp-content\/uploads\/2024\/08\/logo-artb.svg","width":139,"height":51,"caption":"ArtBarcelona."},"image":{"@id":"https:\/\/www.artbarcelona.es\/#\/schema\/logo\/image\/"}}]}},"_links":{"self":[{"href":"https:\/\/www.artbarcelona.es\/es\/wp-json\/wp\/v2\/pages\/8502","targetHints":{"allow":["GET"]}}],"collection":[{"href":"https:\/\/www.artbarcelona.es\/es\/wp-json\/wp\/v2\/pages"}],"about":[{"href":"https:\/\/www.artbarcelona.es\/es\/wp-json\/wp\/v2\/types\/page"}],"author":[{"embeddable":true,"href":"https:\/\/www.artbarcelona.es\/es\/wp-json\/wp\/v2\/users\/1"}],"replies":[{"embeddable":true,"href":"https:\/\/www.artbarcelona.es\/es\/wp-json\/wp\/v2\/comments?post=8502"}],"version-history":[{"count":0,"href":"https:\/\/www.artbarcelona.es\/es\/wp-json\/wp\/v2\/pages\/8502\/revisions"}],"wp:attachment":[{"href":"https:\/\/www.artbarcelona.es\/es\/wp-json\/wp\/v2\/media?parent=8502"}],"curies":[{"name":"wp","href":"https:\/\/api.w.org\/{rel}","templated":true}]}}